{"id":713,"date":"2015-05-07T14:32:11","date_gmt":"2015-05-07T14:32:11","guid":{"rendered":"http:\/\/www.mairie-volonne.fr\/?page_id=713"},"modified":"2020-09-03T23:04:25","modified_gmt":"2020-09-03T21:04:25","slug":"services-municipaux","status":"publish","type":"page","link":"https:\/\/www.mairie-volonne.fr\/index.php\/services-municipaux\/","title":{"rendered":"Agents administratifs et services municipaux"},"content":{"rendered":"<table style=\"border-style: solid; border-color: #000000; width: 10px;\">\n<tbody>\n<tr>\n<td style=\"width: 0px;\"><\/td>\n<\/tr>\n<\/tbody>\n<\/table>\n<p style=\"text-align: left;\"><strong>Mise \u00e0 jour Septembre 2020.<\/strong><\/p>\n<p>&nbsp;<\/p>\n<table style=\"height: 290px; width: 53.7141%; border-collapse: collapse; border-style: dotted; border-color: #f8f7fa;\">\n<tbody>\n<tr style=\"height: 20px;\">\n<td style=\"width: 32.6106%; height: 20px;\"><span style=\"color: #000000;\"><strong>MAURIZE Anne<\/strong><\/span><\/td>\n<td style=\"width: 79.872%; height: 20px;\"><span style=\"color: #000000;\"><strong>Secr\u00e9tariat g\u00e9n\u00e9ral<\/strong><\/span><\/td>\n<\/tr>\n<tr style=\"height: 20px;\">\n<td style=\"width: 32.6106%; height: 20px;\"><span style=\"color: #0000ff;\"><strong>MACHADO Muriel<\/strong><\/span><\/td>\n<td style=\"width: 79.872%; height: 20px;\"><span style=\"color: #0000ff;\"><strong>Urbanisme<\/strong><\/span><\/td>\n<\/tr>\n<tr style=\"height: 20px;\">\n<td style=\"width: 32.6106%; height: 20px;\"><strong><span style=\"color: #000000;\">PIERUCCI Marion<\/span><\/strong><\/td>\n<td style=\"width: 79.872%; height: 20px;\"><strong><span style=\"color: #000000;\">Responsables Ressources Humaines<\/span><\/strong><\/td>\n<\/tr>\n<tr style=\"height: 40px;\">\n<td style=\"width: 32.6106%; height: 40px;\"><strong><span style=\"color: #0000ff;\">STOCLIN-BRAZY Mathilde<\/span><\/strong><\/td>\n<td style=\"width: 79.872%; height: 40px;\"><strong><span style=\"color: #0000ff;\">Charg\u00e9e de mission \u00ab\u00a0Village nature\u00a0\u00bb &#8211; Environnement<\/span><\/strong><\/td>\n<\/tr>\n<tr style=\"height: 20px;\">\n<td style=\"width: 32.6106%; height: 20px;\"><span style=\"color: #000000;\"><strong>SPADA Christine<\/strong><\/span><\/td>\n<td style=\"width: 79.872%; height: 20px;\"><span style=\"color: #000000;\"><strong>Accueil Public\/ Standard<\/strong><\/span><\/td>\n<\/tr>\n<tr style=\"height: 20px;\">\n<td style=\"width: 32.6106%; height: 20px;\">&nbsp;<\/p>\n<p><strong><span style=\"color: #0000ff;\">PROKSCH Julien<\/span><\/strong><\/td>\n<td style=\"width: 79.872%; height: 20px;\"><strong><span style=\"color: #0000ff;\">ASVP<\/span><\/strong><\/td>\n<\/tr>\n<tr>\n<td style=\"width: 32.6106%;\">&nbsp;<\/p>\n<p><strong><span style=\"color: #000000;\">DI IORIO Guillaume<\/span><\/strong><\/td>\n<td style=\"width: 79.872%;\"><strong><span style=\"color: #000000;\">Responsable services techniques<\/span><\/strong><\/td>\n<\/tr>\n<tr>\n<td style=\"width: 32.6106%;\"><strong><span style=\"color: #0000ff;\">FERRAND Franck<\/span><\/strong><\/td>\n<td style=\"width: 79.872%;\"><span style=\"color: #0000ff;\"><strong>Chef d&rsquo;\u00c9quipe services techniques<\/strong><\/span><\/td>\n<\/tr>\n<tr>\n<td style=\"width: 32.6106%;\">&nbsp;<\/p>\n<p><span style=\"color: #000000;\"><strong>BAZILLON <\/strong><\/span><span style=\"color: #000000;\"><strong>\u00c9ric,\u00a0 <\/strong><\/span><\/p>\n<p><span style=\"color: #000000;\"><strong>VERMELHUDO <\/strong><\/span><span style=\"color: #000000;\"><strong>Joachim, <\/strong><\/span><\/p>\n<p><span style=\"color: #000000;\"><strong>ZOUAOUI <\/strong><\/span><span style=\"color: #000000;\"><strong>Mustapha,\u00a0 <\/strong><\/span><\/p>\n<p><span style=\"color: #000000;\"><strong>DURAND <\/strong><\/span><span style=\"color: #000000;\"><strong>Christophe.<br \/>\n<\/strong><\/span><\/p>\n<p>&nbsp;<\/td>\n<td style=\"width: 79.872%;\"><strong><span style=\"color: #000000;\">Agents des Services techniques<\/span><\/strong><\/td>\n<\/tr>\n<tr>\n<td style=\"width: 32.6106%;\"><strong><span style=\"color: #0000ff;\">BROSSARD Marie-Th\u00e9<\/span><\/strong><\/td>\n<td style=\"width: 79.872%;\"><strong><span style=\"color: #0000ff;\">Responsable P\u00e9riscolaire<\/span><\/strong><\/td>\n<\/tr>\n<tr>\n<td style=\"width: 32.6106%;\">&nbsp;<\/p>\n<p><span style=\"color: #000000;\"><strong>VIALLA Laurence, <\/strong><\/span><\/p>\n<p><span style=\"color: #000000;\"><strong>SABRI Latifa, \u00a0\u00a0\u00a0\u00a0\u00a0\u00a0\u00a0\u00a0\u00a0\u00a0\u00a0 <\/strong><\/span><\/p>\n<p><span style=\"color: #000000;\"><strong>DEMELA Karine,\u00a0 <\/strong><\/span><\/p>\n<p><span style=\"color: #000000;\"><strong>CAMILLERI Nathalie.<\/strong><\/span><\/td>\n<td style=\"width: 79.872%;\"><span style=\"color: #000000;\"><strong>Agents Service Enfance<\/strong><\/span><\/td>\n<\/tr>\n<tr>\n<td style=\"width: 32.6106%;\">\n<h3 style=\"text-align: center;\"><span style=\"color: #0000ff;\">&#8230;<\/span><\/h3>\n<p>&nbsp;<\/td>\n<td style=\"width: 79.872%;\"><span style=\"color: #000000;\"><strong>\u00a0<\/strong><\/span><\/td>\n<\/tr>\n<\/tbody>\n<\/table>\n<table>\n<tbody>\n<tr>\n<td><\/td>\n<td><\/td>\n<\/tr>\n<\/tbody>\n<\/table>\n<p>&nbsp;<\/p>\n","protected":false},"excerpt":{"rendered":"<p>Mise \u00e0 jour Septembre 2020. &nbsp; MAURIZE Anne Secr\u00e9tariat g\u00e9n\u00e9ral MACHADO Muriel Urbanisme PIERUCCI Marion Responsables Ressources Humaines STOCLIN-BRAZY Mathilde Charg\u00e9e de mission \u00ab\u00a0Village nature\u00a0\u00bb &#8211; Environnement SPADA Christine Accueil Public\/ Standard &nbsp; PROKSCH Julien ASVP &nbsp; DI IORIO Guillaume Responsable services techniques FERRAND Franck Chef d&rsquo;\u00c9quipe services techniques &nbsp; BAZILLON \u00c9ric,\u00a0 VERMELHUDO Joachim, ZOUAOUI [&#8230;]<\/p>\n","protected":false},"author":7,"featured_media":0,"parent":0,"menu_order":0,"comment_status":"closed","ping_status":"closed","template":"","meta":{"_EventAllDay":false,"_EventTimezone":"","_EventStartDate":"","_EventEndDate":"","_EventStartDateUTC":"","_EventEndDateUTC":"","_EventShowMap":false,"_EventShowMapLink":false,"_EventURL":"","_EventCost":"","_EventCostDescription":"","_EventCurrencySymbol":"","_EventCurrencyCode":"","_EventCurrencyPosition":"","_EventDateTimeSeparator":"","_EventTimeRangeSeparator":"","_EventOrganizerID":[],"_EventVenueID":[],"_OrganizerEmail":"","_OrganizerPhone":"","_OrganizerWebsite":"","_VenueAddress":"","_VenueCity":"","_VenueCountry":"","_VenueProvince":"","_VenueState":"","_VenueZip":"","_VenuePhone":"","_VenueURL":"","_VenueStateProvince":"","_VenueLat":"","_VenueLng":"","_VenueShowMap":false,"_VenueShowMapLink":false,"jetpack_post_was_ever_published":false,"footnotes":""},"class_list":["post-713","page","type-page","status-publish","hentry"],"jetpack_shortlink":"https:\/\/wp.me\/P6fN6B-bv","jetpack_sharing_enabled":true,"_links":{"self":[{"href":"https:\/\/www.mairie-volonne.fr\/index.php\/wp-json\/wp\/v2\/pages\/713","targetHints":{"allow":["GET"]}}],"collection":[{"href":"https:\/\/www.mairie-volonne.fr\/index.php\/wp-json\/wp\/v2\/pages"}],"about":[{"href":"https:\/\/www.mairie-volonne.fr\/index.php\/wp-json\/wp\/v2\/types\/page"}],"author":[{"embeddable":true,"href":"https:\/\/www.mairie-volonne.fr\/index.php\/wp-json\/wp\/v2\/users\/7"}],"replies":[{"embeddable":true,"href":"https:\/\/www.mairie-volonne.fr\/index.php\/wp-json\/wp\/v2\/comments?post=713"}],"version-history":[{"count":27,"href":"https:\/\/www.mairie-volonne.fr\/index.php\/wp-json\/wp\/v2\/pages\/713\/revisions"}],"predecessor-version":[{"id":10397,"href":"https:\/\/www.mairie-volonne.fr\/index.php\/wp-json\/wp\/v2\/pages\/713\/revisions\/10397"}],"wp:attachment":[{"href":"https:\/\/www.mairie-volonne.fr\/index.php\/wp-json\/wp\/v2\/media?parent=713"}],"curies":[{"name":"wp","href":"https:\/\/api.w.org\/{rel}","templated":true}]}}