{"id":39,"date":"2015-03-18T12:07:00","date_gmt":"2015-03-18T11:07:00","guid":{"rendered":"https:\/\/vourouno.wordpress.com\/?page_id=39"},"modified":"2025-04-02T10:24:23","modified_gmt":"2025-04-02T08:24:23","slug":"garderie-et-restaurant","status":"publish","type":"page","link":"https:\/\/www.mairie-volonne.fr\/index.php\/garderie-et-restaurant\/","title":{"rendered":"Garderie et restaurant"},"content":{"rendered":"<h2><img decoding=\"async\" class=\"aligncenter wp-image-12917 size-large\" src=\"https:\/\/www.mairie-volonne.fr\/wp-content\/uploads\/2024\/03\/Marykate-e1712048291253-1024x137.png\" alt=\"\" width=\"1024\" height=\"137\" srcset=\"https:\/\/www.mairie-volonne.fr\/wp-content\/uploads\/2024\/03\/Marykate-e1712048291253-200x27.png 200w, https:\/\/www.mairie-volonne.fr\/wp-content\/uploads\/2024\/03\/Marykate-e1712048291253-300x40.png 300w, https:\/\/www.mairie-volonne.fr\/wp-content\/uploads\/2024\/03\/Marykate-e1712048291253-400x53.png 400w, https:\/\/www.mairie-volonne.fr\/wp-content\/uploads\/2024\/03\/Marykate-e1712048291253-600x80.png 600w, https:\/\/www.mairie-volonne.fr\/wp-content\/uploads\/2024\/03\/Marykate-e1712048291253-768x102.png 768w, https:\/\/www.mairie-volonne.fr\/wp-content\/uploads\/2024\/03\/Marykate-e1712048291253-800x107.png 800w, https:\/\/www.mairie-volonne.fr\/wp-content\/uploads\/2024\/03\/Marykate-e1712048291253-1024x137.png 1024w, https:\/\/www.mairie-volonne.fr\/wp-content\/uploads\/2024\/03\/Marykate-e1712048291253-1200x160.png 1200w, https:\/\/www.mairie-volonne.fr\/wp-content\/uploads\/2024\/03\/Marykate-e1712048291253-1320x176.png 1320w, https:\/\/www.mairie-volonne.fr\/wp-content\/uploads\/2024\/03\/Marykate-e1712048291253.png 1365w\" sizes=\"(max-width: 1024px) 100vw, 1024px\" \/><\/h2>\n<h2>Le P\u00e9riscolaire<\/h2>\n<p>Le p\u00e9riscolaire est constitu\u00e9 des heures qui pr\u00e9c\u00e9dent et suivent la classe durant lesquelles un encadrement est propos\u00e9 aux enfants scolaris\u00e9s.<\/p>\n<p>Il s\u2019agit :<\/p>\n<ul>\n<li>de la p\u00e9riode d\u2019accueil du matin avant la classe de 7h20 \u00e0 8h20 ;<\/li>\n<li>de la p\u00e9riode d\u2019accueil du soir imm\u00e9diatement apr\u00e8s la classe de 16h30 \u00e0 18h30.<\/li>\n<\/ul>\n<p>L\u2019accueil des enfants se d\u00e9roule pour les \u00e9l\u00e8ves de maternelle et \u00e9l\u00e9mentaire dans les locaux de l\u2019\u00e9cole \u00e9l\u00e9mentaire \u00ab Fernand Landrier \u00bb, dans les salles sp\u00e9cifiques au p\u00e9riscolaire. Un transfert des enfants de maternelle est pris en charge par les animateurs municipaux \u00e0 8h20 (vers la maternelle) et 16h25 (vers l\u2019\u00e9l\u00e9mentaire).<\/p>\n<table style=\"width: 100%; border-collapse: collapse;\" border=\"2\">\n<tbody>\n<tr>\n<td style=\"width: 99.9999%; text-align: center;\" colspan=\"3\">Tarif \/ P\u00e9riscolaire au 1er janvier 2024<\/td>\n<\/tr>\n<tr>\n<td style=\"width: 33.4058%; text-align: center;\">Coefficient<\/td>\n<td style=\"width: 33.2608%; text-align: center;\">Coefficient Familial de 775 \u00e0 1199*<\/td>\n<td style=\"width: 33.3333%; text-align: center;\">Coefficient familial sup\u00e9rieur ou \u00e9gal \u00e0 1200*<\/td>\n<\/tr>\n<tr>\n<td style=\"width: 33.4058%; text-align: center;\">1,30 \u20ac\/heure<\/td>\n<td style=\"width: 33.2608%; text-align: center;\">1,40\u20ac\/h<\/td>\n<td style=\"width: 33.3333%; text-align: center;\">1,50\u20ac\/h<\/td>\n<\/tr>\n<\/tbody>\n<\/table>\n<p>Facturation \u00e0 la p\u00e9riode (7 semaines) en fin de p\u00e9riode par la tr\u00e9sorerie, soit 5 facturations par an.<\/p>\n<p>Les facturations pour la cantine et la garderie p\u00e9riscolaire sont distinctes.<\/p>\n<p>En cas de maladie et sur justificatif : les jours d&rsquo;absence suppl\u00e9mentaires seront d\u00e9duits de la facture.<\/p>\n<h2>Le Temps m\u00e9ridien<\/h2>\n<p>Le temps M\u00e9ridien est la pause pr\u00e9vue chaque Lundi, Mardi, Jeudi et Vendredi de 12h00 \u00e0 13h20 durant laquelle la commune de Volonne organise un service de restauration scolaire.<\/p>\n<p>Le prestataire retenu pour l&rsquo;\u00e9laboration des menus de la cantine est l&rsquo;entreprise \u00ab\u00a0Chez Marc\u00a0\u00bb situ\u00e9 sur Peyruis.<\/p>\n<p>&nbsp;<\/p>\n<p style=\"text-align: center;\">Tarifs au 1er Janvier 2024<\/p>\n<p style=\"text-align: center;\">Repas r\u00e9serv\u00e9 : 3,50\u20ac<\/p>\n<p style=\"text-align: center;\">Repas exceptionnel : 5,50\u20ac<\/p>\n<h2>Modalit\u00e9s d\u2019inscription<\/h2>\n<p>Les parents doivent obligatoirement compl\u00e9t\u00e9s un dossier administratif et sanitaire (voir documents \u00e0 t\u00e9l\u00e9charger ci-dessous), et le ramener en d\u00e9but d\u2019ann\u00e9e scolaire aupr\u00e8s de Marie Brossard, la responsable du p\u00f4le enfance.<\/p>\n<p>Les enfants dont le dossier est incomplet ne pourront pas participer aux diff\u00e9rents temps (p\u00e9riscolaire, restauration scolaire).<br \/>\nToute modification de vos coordonn\u00e9es en cours d\u2019ann\u00e9e doit \u00eatre signal\u00e9e par mail : <a href=\"mailto:periscolaire.volonne@gmail.com\">periscolaire.volonne@gmail.com<\/a>, ou sur votre espace famille.<\/p>\n<p>La proc\u00e9dure d\u2019inscription \u00e0 la cantine et au p\u00e9riscolaires se fait en ligne via PARASCOL. Les familles ont re\u00e7u un lien par mail pour cr\u00e9er leur espace. Elles seules ont la main sur cet \u00ab espace personnel \u00bb. La r\u00e8gle reste la m\u00eame : les inscriptions sont bloqu\u00e9es d\u00e8s le jeudi soir pour la semaine qui suit. Pour les modifications de derni\u00e8re minute du service p\u00e9riscolaire merci d\u2019en aviser la responsable au <a href=\"tel:0786512224\">07 86 51 22 24.<\/a><\/p>\n<h3>Conditions d&rsquo;inscription<\/h3>\n<p>Enfant scolaris\u00e9 \u00e0 l&rsquo;\u00e9cole maternelle ou \u00e0 l&rsquo;\u00e9cole \u00e9l\u00e9mentaire de Volonne<br \/>\nUne fiche d&rsquo;inscription par enfant, \u00e0 rendre avant le premier jour de restauration<br \/>\nAbsence ou pr\u00e9sence pr\u00e9vue le jour m\u00eame, appeler la responsable par t\u00e9l\u00e9phone au <a href=\"tel:0786512224\">07 86 51 22 24<\/a> avant 8h00.<br \/>\nFacturation comme pr\u00e9sent, si absence non excus\u00e9e.<\/p>\n<p>&nbsp;<\/p>\n<h2>Documents Utiles<\/h2>\n<h4><a href=\"https:\/\/www.mairie-volonne.fr\/wp-content\/uploads\/2025\/04\/FICHE-SANITAIRE-DE-LIAISON-volonne-cantine-peri-2019-2020.pdf\">FICHE SANITAIRE DE LIAISON CANTINE\/PERISCOLAIRE<\/a><\/h4>\n<p><a href=\"https:\/\/www.mairie-volonne.fr\/wp-content\/uploads\/2025\/04\/fiche-de-renseignements-service-enfance-volonne-2019-2020.pdf\">FICHE DE RENSEIGNEMENTS<\/a><\/p>\n<h4><a href=\"https:\/\/www.mairie-volonne.fr\/wp-content\/uploads\/2025\/04\/NOTE-aux-FAMILLES-RENTREE-2024-2026.pdf\">NOTE aux FAMILLES &#8211; RENTR\u00c9E 2024 2026<\/a><\/h4>\n","protected":false},"excerpt":{"rendered":"<p>Le P\u00e9riscolaire Le p\u00e9riscolaire est constitu\u00e9 des heures qui pr\u00e9c\u00e9dent et suivent la classe durant lesquelles un encadrement est propos\u00e9 aux enfants scolaris\u00e9s. Il s\u2019agit : de la p\u00e9riode d\u2019accueil du matin avant la classe de 7h20 \u00e0 8h20 ; de la p\u00e9riode d\u2019accueil du soir imm\u00e9diatement apr\u00e8s la classe de 16h30 \u00e0 18h30. L\u2019accueil [&#8230;]<\/p>\n","protected":false},"author":7,"featured_media":0,"parent":0,"menu_order":0,"comment_status":"closed","ping_status":"closed","template":"","meta":{"_EventAllDay":false,"_EventTimezone":"","_EventStartDate":"","_EventEndDate":"","_EventStartDateUTC":"","_EventEndDateUTC":"","_EventShowMap":false,"_EventShowMapLink":false,"_EventURL":"","_EventCost":"","_EventCostDescription":"","_EventCurrencySymbol":"","_EventCurrencyCode":"","_EventCurrencyPosition":"","_EventDateTimeSeparator":"","_EventTimeRangeSeparator":"","_EventOrganizerID":[],"_EventVenueID":[],"_OrganizerEmail":"","_OrganizerPhone":"","_OrganizerWebsite":"","_VenueAddress":"","_VenueCity":"","_VenueCountry":"","_VenueProvince":"","_VenueState":"","_VenueZip":"","_VenuePhone":"","_VenueURL":"","_VenueStateProvince":"","_VenueLat":"","_VenueLng":"","_VenueShowMap":false,"_VenueShowMapLink":false,"jetpack_post_was_ever_published":false,"footnotes":""},"class_list":["post-39","page","type-page","status-publish","hentry"],"jetpack_shortlink":"https:\/\/wp.me\/P6fN6B-D","jetpack_sharing_enabled":true,"_links":{"self":[{"href":"https:\/\/www.mairie-volonne.fr\/index.php\/wp-json\/wp\/v2\/pages\/39","targetHints":{"allow":["GET"]}}],"collection":[{"href":"https:\/\/www.mairie-volonne.fr\/index.php\/wp-json\/wp\/v2\/pages"}],"about":[{"href":"https:\/\/www.mairie-volonne.fr\/index.php\/wp-json\/wp\/v2\/types\/page"}],"author":[{"embeddable":true,"href":"https:\/\/www.mairie-volonne.fr\/index.php\/wp-json\/wp\/v2\/users\/7"}],"replies":[{"embeddable":true,"href":"https:\/\/www.mairie-volonne.fr\/index.php\/wp-json\/wp\/v2\/comments?post=39"}],"version-history":[{"count":121,"href":"https:\/\/www.mairie-volonne.fr\/index.php\/wp-json\/wp\/v2\/pages\/39\/revisions"}],"predecessor-version":[{"id":13802,"href":"https:\/\/www.mairie-volonne.fr\/index.php\/wp-json\/wp\/v2\/pages\/39\/revisions\/13802"}],"wp:attachment":[{"href":"https:\/\/www.mairie-volonne.fr\/index.php\/wp-json\/wp\/v2\/media?parent=39"}],"curies":[{"name":"wp","href":"https:\/\/api.w.org\/{rel}","templated":true}]}}