{"id":13273,"date":"2024-07-11T15:02:10","date_gmt":"2024-07-11T13:02:10","guid":{"rendered":"https:\/\/www.mairie-volonne.fr\/?page_id=13273"},"modified":"2024-07-15T13:51:24","modified_gmt":"2024-07-15T11:51:24","slug":"habitats-pour-personnes-agees","status":"publish","type":"page","link":"https:\/\/www.mairie-volonne.fr\/index.php\/habitats-pour-personnes-agees\/","title":{"rendered":"Habitats pour Personnes \u00c2g\u00e9es"},"content":{"rendered":"<p><img decoding=\"async\" class=\"wp-image-13366 aligncenter\" src=\"https:\/\/www.mairie-volonne.fr\/wp-content\/uploads\/2024\/07\/kermesse-8-e1721043667227.png\" alt=\"\" width=\"787\" height=\"454\" srcset=\"https:\/\/www.mairie-volonne.fr\/wp-content\/uploads\/2024\/07\/kermesse-8-e1721043667227-200x116.png 200w, https:\/\/www.mairie-volonne.fr\/wp-content\/uploads\/2024\/07\/kermesse-8-e1721043667227-300x173.png 300w, https:\/\/www.mairie-volonne.fr\/wp-content\/uploads\/2024\/07\/kermesse-8-e1721043667227-400x231.png 400w, https:\/\/www.mairie-volonne.fr\/wp-content\/uploads\/2024\/07\/kermesse-8-e1721043667227-600x347.png 600w, https:\/\/www.mairie-volonne.fr\/wp-content\/uploads\/2024\/07\/kermesse-8-e1721043667227-768x444.png 768w, https:\/\/www.mairie-volonne.fr\/wp-content\/uploads\/2024\/07\/kermesse-8-e1721043667227-800x462.png 800w, https:\/\/www.mairie-volonne.fr\/wp-content\/uploads\/2024\/07\/kermesse-8-e1721043667227-1024x591.png 1024w, https:\/\/www.mairie-volonne.fr\/wp-content\/uploads\/2024\/07\/kermesse-8-e1721043667227-1200x693.png 1200w, https:\/\/www.mairie-volonne.fr\/wp-content\/uploads\/2024\/07\/kermesse-8-e1721043667227-1320x762.png 1320w, https:\/\/www.mairie-volonne.fr\/wp-content\/uploads\/2024\/07\/kermesse-8-e1721043667227-1536x887.png 1536w, https:\/\/www.mairie-volonne.fr\/wp-content\/uploads\/2024\/07\/kermesse-8-e1721043667227.png 1586w\" sizes=\"(max-width: 787px) 100vw, 787px\" \/><\/p>\n<h3><\/h3>\n<h3>I- Un projet d\u2019habitat inclusif<\/h3>\n<h3>L\u2019habitat inclusif offre une solution alternative, un interm\u00e9diaire entre le domicile et<br \/>\nl\u2019accueil collectif en institution .<\/h3>\n<h3>Les solutions propos\u00e9es dans le cadre de la loi n\u00b0215-1776 du 28 d\u00e9cembre 2015,<br \/>\nrelative \u00e0 l\u2019adaptation de la soci\u00e9t\u00e9 au vieillissement, ne r\u00e9pondent pas \u00e0 toutes les<br \/>\nattentes des personnes \u00e2g\u00e9es en situation de fragilit\u00e9.<\/h3>\n<h3>L\u2019habitat propos\u00e9 ici sera inscrit dans la vie de la ville de Sisteron avec un<br \/>\naccompagnement social des personnes \u00e2g\u00e9es qui auront fait le choix de ce mode de<br \/>\nvie. Les appartements seront des domiciles partag\u00e9s entre personnes vieillissantes<br \/>\navec une offre de services adapt\u00e9s.<\/h3>\n<h3>Seront log\u00e9es des personnes \u00e2g\u00e9es ne souhaitant ou ne pouvant plus vivre dans<br \/>\nleur logement et recherchant un lieu de vie convivial et confortable.<\/h3>\n<h3>Les personnes seront colocataires au sein d\u2019un appartement qui sera leur domicile.<br \/>\nElles seront chez elles au sein d\u2019un habitat conjuguant des espaces priv\u00e9s et<br \/>\ncollectifs fonctionnels.<\/h3>\n<h3>Les colocataires signeront un bail et parall\u00e8lement un contrat de services.<\/h3>\n<h3>Les personnes devront donc s\u2019acquitter mensuellement :<br \/>\n&#8211; De leur part de loyer<br \/>\n&#8211; Des charges li\u00e9es au logement (Assurance habitation, taxes locales, taxes<br \/>\nd\u2019habitation, EDF, chauffage, eau..)<br \/>\n&#8211; Des frais de gestion ( administrative, organisation, entretien de l\u2019habitat et des<br \/>\next\u00e9rieurs, petits travaux\u2026.).<br \/>\n-Du paiement des prestations de services propos\u00e9es comme la restauration ; la<br \/>\nblanchisserie ; l\u2019entretien du domicile et du linge, l\u2019animation ; les sorties avec<br \/>\ntransport (avec le v\u00e9hicule adapt\u00e9 de l\u2019entreprise).<\/h3>\n<h3>Le responsable de l\u2019offre de services assurera la coordination des diff\u00e9rentes<br \/>\ninterventions au sein de l\u2019habitat. Il sera le garant de la qualit\u00e9 de vie au sein du<br \/>\nlogement, assurera le lien avec les familles et les intervenants.<\/h3>\n<h3>L\u2019habitat partag\u00e9 sera accessible aux personnes \u00e2g\u00e9es autonomes mais souhaitant<br \/>\nvivre dans un environnement convivial, s\u00e9curisant et s\u00e9curis\u00e9 avec la possibilit\u00e9<br \/>\nd\u2019acc\u00e9der \u00e0 des services. Mais aussi pour les personnes \u00e2g\u00e9es entrant dans la<br \/>\nphase de fragilisation ayant besoin d\u2019un accompagnement plus soutenu.<\/h3>\n<h3>L\u2019accueil de personnes plus d\u00e9pendantes sera \u00e9tudi\u00e9. L\u2019accompagnement sera<br \/>\nmaintenu pour toute personne locataire qui perdrait en autonomie, dans la mesure<br \/>\no\u00f9 son \u00e9tat de d\u00e9pendance reste compatible avec la vie en collectivit\u00e9 et qu\u2019elle peut<br \/>\nb\u00e9n\u00e9ficier des soins et aides dont elle a besoin, au domicile.<\/h3>\n<h3>Les responsables s\u2019engagent donc \u00e0 accompagner la personne locataire m\u00eame si<br \/>\nelle venait \u00e0 perdre en autonomie dans la mesure o\u00f9 le maintien au domicile partag\u00e9<br \/>\nest possible, dans de bonnes conditions et dans la mesure o\u00f9 la personne ou son<br \/>\nrepr\u00e9sentant le souhaite.<\/h3>\n<h3>Les limites de l\u2019accueil en colocation seront atteintes si la personne pr\u00e9sente un<br \/>\ncomportement agressif contre elle-m\u00eame ou des tiers mettant la personne ou les<br \/>\nautres locataires en danger et ne permettant plus la vie en collectivit\u00e9.<\/h3>\n<h3>La situation des personnes ayant des probl\u00e8mes de sant\u00e9 n\u00e9cessitant des soins<br \/>\nintensifs continus, sera \u00e0 \u00e9tudier au cas par cas en prenant avis aupr\u00e8s des services<br \/>\ncomp\u00e9tents.<br \/>\nChaque colocataire aura le choix de son m\u00e9decin traitant. Toute personne en perte<br \/>\nd\u2019autonomie aura aussi le choix de son cabinet d\u2019infirmiers. Il pourra aussi faire<br \/>\nappel, s\u2019il le souhaite au SSIAD implant\u00e9 sur le secteur.<\/h3>\n<p>&nbsp;<\/p>\n<p><img decoding=\"async\" class=\"wp-image-13369 aligncenter\" src=\"https:\/\/www.mairie-volonne.fr\/wp-content\/uploads\/2024\/07\/habitats-personnes-agees.png\" alt=\"\" width=\"1238\" height=\"968\" srcset=\"https:\/\/www.mairie-volonne.fr\/wp-content\/uploads\/2024\/07\/habitats-personnes-agees-200x156.png 200w, https:\/\/www.mairie-volonne.fr\/wp-content\/uploads\/2024\/07\/habitats-personnes-agees-300x235.png 300w, https:\/\/www.mairie-volonne.fr\/wp-content\/uploads\/2024\/07\/habitats-personnes-agees-400x313.png 400w, https:\/\/www.mairie-volonne.fr\/wp-content\/uploads\/2024\/07\/habitats-personnes-agees-600x469.png 600w, https:\/\/www.mairie-volonne.fr\/wp-content\/uploads\/2024\/07\/habitats-personnes-agees-768x601.png 768w, https:\/\/www.mairie-volonne.fr\/wp-content\/uploads\/2024\/07\/habitats-personnes-agees-800x626.png 800w, https:\/\/www.mairie-volonne.fr\/wp-content\/uploads\/2024\/07\/habitats-personnes-agees-1024x801.png 1024w, https:\/\/www.mairie-volonne.fr\/wp-content\/uploads\/2024\/07\/habitats-personnes-agees-1200x938.png 1200w, https:\/\/www.mairie-volonne.fr\/wp-content\/uploads\/2024\/07\/habitats-personnes-agees-1320x1032.png 1320w, https:\/\/www.mairie-volonne.fr\/wp-content\/uploads\/2024\/07\/habitats-personnes-agees.png 1537w\" sizes=\"(max-width: 1238px) 100vw, 1238px\" \/><\/p>\n","protected":false},"excerpt":{"rendered":"<p>I- Un projet d\u2019habitat inclusif L\u2019habitat inclusif offre une solution alternative, un interm\u00e9diaire entre le domicile et l\u2019accueil collectif en institution . Les solutions propos\u00e9es dans le cadre de la loi n\u00b0215-1776 du 28 d\u00e9cembre 2015, relative \u00e0 l\u2019adaptation de la soci\u00e9t\u00e9 au vieillissement, ne r\u00e9pondent pas \u00e0 toutes les attentes des personnes \u00e2g\u00e9es en [&#8230;]<\/p>\n","protected":false},"author":9,"featured_media":0,"parent":0,"menu_order":0,"comment_status":"closed","ping_status":"closed","template":"100-width.php","meta":{"_EventAllDay":false,"_EventTimezone":"","_EventStartDate":"","_EventEndDate":"","_EventStartDateUTC":"","_EventEndDateUTC":"","_EventShowMap":false,"_EventShowMapLink":false,"_EventURL":"","_EventCost":"","_EventCostDescription":"","_EventCurrencySymbol":"","_EventCurrencyCode":"","_EventCurrencyPosition":"","_EventDateTimeSeparator":"","_EventTimeRangeSeparator":"","_EventOrganizerID":[],"_EventVenueID":[],"_OrganizerEmail":"","_OrganizerPhone":"","_OrganizerWebsite":"","_VenueAddress":"","_VenueCity":"","_VenueCountry":"","_VenueProvince":"","_VenueState":"","_VenueZip":"","_VenuePhone":"","_VenueURL":"","_VenueStateProvince":"","_VenueLat":"","_VenueLng":"","_VenueShowMap":false,"_VenueShowMapLink":false,"jetpack_post_was_ever_published":false,"footnotes":""},"class_list":["post-13273","page","type-page","status-publish","hentry"],"jetpack_shortlink":"https:\/\/wp.me\/P6fN6B-3s5","jetpack_sharing_enabled":true,"_links":{"self":[{"href":"https:\/\/www.mairie-volonne.fr\/index.php\/wp-json\/wp\/v2\/pages\/13273","targetHints":{"allow":["GET"]}}],"collection":[{"href":"https:\/\/www.mairie-volonne.fr\/index.php\/wp-json\/wp\/v2\/pages"}],"about":[{"href":"https:\/\/www.mairie-volonne.fr\/index.php\/wp-json\/wp\/v2\/types\/page"}],"author":[{"embeddable":true,"href":"https:\/\/www.mairie-volonne.fr\/index.php\/wp-json\/wp\/v2\/users\/9"}],"replies":[{"embeddable":true,"href":"https:\/\/www.mairie-volonne.fr\/index.php\/wp-json\/wp\/v2\/comments?post=13273"}],"version-history":[{"count":4,"href":"https:\/\/www.mairie-volonne.fr\/index.php\/wp-json\/wp\/v2\/pages\/13273\/revisions"}],"predecessor-version":[{"id":13370,"href":"https:\/\/www.mairie-volonne.fr\/index.php\/wp-json\/wp\/v2\/pages\/13273\/revisions\/13370"}],"wp:attachment":[{"href":"https:\/\/www.mairie-volonne.fr\/index.php\/wp-json\/wp\/v2\/media?parent=13273"}],"curies":[{"name":"wp","href":"https:\/\/api.w.org\/{rel}","templated":true}]}}