{"id":13272,"date":"2024-07-11T15:02:10","date_gmt":"2024-07-11T13:02:10","guid":{"rendered":"https:\/\/www.mairie-volonne.fr\/?page_id=13272"},"modified":"2026-07-23T11:27:27","modified_gmt":"2026-07-23T09:27:27","slug":"renovation-de-lecole-elementaire","status":"publish","type":"page","link":"https:\/\/www.mairie-volonne.fr\/index.php\/renovation-de-lecole-elementaire\/","title":{"rendered":"R\u00e9novation de l&rsquo;\u00c9cole \u00c9l\u00e9mentaire"},"content":{"rendered":"<h3 style=\"text-align: justify;\"><img decoding=\"async\" class=\"wp-image-13364 aligncenter\" src=\"https:\/\/www.mairie-volonne.fr\/wp-content\/uploads\/2024\/07\/kermesse-7-e1721043145200.png\" alt=\"\" width=\"641\" height=\"427\" srcset=\"https:\/\/www.mairie-volonne.fr\/wp-content\/uploads\/2024\/07\/kermesse-7-e1721043145200-200x133.png 200w, https:\/\/www.mairie-volonne.fr\/wp-content\/uploads\/2024\/07\/kermesse-7-e1721043145200-300x200.png 300w, https:\/\/www.mairie-volonne.fr\/wp-content\/uploads\/2024\/07\/kermesse-7-e1721043145200-400x267.png 400w, https:\/\/www.mairie-volonne.fr\/wp-content\/uploads\/2024\/07\/kermesse-7-e1721043145200-600x400.png 600w, https:\/\/www.mairie-volonne.fr\/wp-content\/uploads\/2024\/07\/kermesse-7-e1721043145200-768x512.png 768w, https:\/\/www.mairie-volonne.fr\/wp-content\/uploads\/2024\/07\/kermesse-7-e1721043145200-800x534.png 800w, https:\/\/www.mairie-volonne.fr\/wp-content\/uploads\/2024\/07\/kermesse-7-e1721043145200-1024x683.png 1024w, https:\/\/www.mairie-volonne.fr\/wp-content\/uploads\/2024\/07\/kermesse-7-e1721043145200-1200x801.png 1200w, https:\/\/www.mairie-volonne.fr\/wp-content\/uploads\/2024\/07\/kermesse-7-e1721043145200-1320x881.png 1320w, https:\/\/www.mairie-volonne.fr\/wp-content\/uploads\/2024\/07\/kermesse-7-e1721043145200-1536x1025.png 1536w, https:\/\/www.mairie-volonne.fr\/wp-content\/uploads\/2024\/07\/kermesse-7-e1721043145200.png 1586w\" sizes=\"(max-width: 641px) 100vw, 641px\" \/><\/h3>\n<p style=\"text-align: justify;\"><span style=\"font-family: georgia, palatino, serif;\">Notre \u00e9cole est v\u00e9tuste et \u00e9nergivore. Il est n\u00e9cessaire d&rsquo;entreprendre des travaux de r\u00e9novation sur ce b\u00e2timent qui date des ann\u00e9es 1800.<\/span><\/p>\n<p><span style=\"font-family: georgia, palatino, serif;\"><span style=\"text-decoration: underline;\">Volet n\u00b01<\/span>&#8211; B\u00e2timent Principal- R\u00e9novation et extension de l&rsquo;\u00e9cole \u00e9l\u00e9mentaire<\/span><br \/>\n<span style=\"font-family: georgia, palatino, serif;\">5classes\u00a0<\/span><br \/>\n<span style=\"font-family: georgia, palatino, serif;\">Une salle des enseignants relocalis\u00e9e<\/span><\/p>\n<p style=\"text-align: justify;\"><span style=\"font-family: georgia, palatino, serif;\">Une nouvelle grande salle \u00ab\u00a0Agora-Sport\u00a0\u00bb, avec pr\u00e9au<\/span><\/p>\n<p style=\"text-align: justify;\"><span style=\"font-family: georgia, palatino, serif;\"><span style=\"text-decoration: underline;\">Volet n\u00b02<\/span>&#8211; B\u00e2timent annexe- R\u00e9novation en p\u00f4le p\u00e9riscolaire et associatif<\/span><br \/>\n<span style=\"font-family: georgia, palatino, serif;\">Un espace p\u00e9riscolaire au RDC<\/span><\/p>\n<p style=\"text-align: justify;\"><span style=\"font-family: georgia, palatino, serif;\">Une salle associative au R+1<\/span><\/p>\n<h3 style=\"text-align: justify;\"><span style=\"font-family: georgia, palatino, serif;\"><img decoding=\"async\" class=\"wp-image-15121 alignright\" src=\"https:\/\/www.mairie-volonne.fr\/wp-content\/uploads\/2026\/07\/ecole-e1784798524227-1024x768.jpeg\" alt=\"\" width=\"684\" height=\"513\" \/><\/span><\/h3>\n<p style=\"text-align: justify;\"><strong>C&rsquo;est parti !<\/strong> Les travaux de d\u00e9construction ont d\u00e9but\u00e9 dans le b\u00e2timent principal de l&rsquo;\u00e9cole \u00e9l\u00e9mentaire. Les entreprises \u00ab\u00a0La Mine du R\u00e9emploi\u00a0\u00bb et \u00a0\u00bb Demain en Main\u00a0\u00bb ont commenc\u00e9 \u00e0 d\u00e9poser portes, rev\u00eatements de sol, c\u00e9ramiques, faux plafonds et autres mat\u00e9riaux qui seront, autant que possible, r\u00e9employ\u00e9s sur le chantier ou orient\u00e9s vers des fili\u00e8res locales de r\u00e9emploi.<\/p>\n<p style=\"text-align: justify;\">Cette phase de d\u00e9construction se poursuivra tout au long du mois de juin. D\u00e8s le fin de l&rsquo;ann\u00e9e scolaire, \u00e0 partir du 6 juillet, les travaux de gros \u0153uvre prendront le relais avec quelques d\u00e9molitions, la cr\u00e9ation de nouvelles ouvertures et la construction de la future salle Agora Sport qui prendra place entre les deux b\u00e2timents existants.<\/p>\n<p style=\"text-align: justify;\">Nous voici engag\u00e9s dans pr\u00e8s de trois ann\u00e9es de travaux. La premi\u00e8re phase, de mai 2026 \u00e0 mai 2027, concernera la r\u00e9novation compl\u00e8te du b\u00e2timent principal. Les douze entreprises mobilis\u00e9es sur le chantier interviendront du sous-sol jusqu&rsquo;aux combles, aujourd&rsquo;hui inutilis\u00e9s, afin d&rsquo;am\u00e9nager l&rsquo;ensemble des niveaux. A terme, les quatre classes de l&rsquo;\u00e9cole pourront \u00eatre regroup\u00e9es dans ce b\u00e2timent r\u00e9nov\u00e9. L&rsquo;objectif est d&rsquo;y accueillir les \u00e9l\u00e8ves d\u00e8s la rentr\u00e9e de septembre 2027.<\/p>\n<p style=\"text-align: justify;\">Durant cette m\u00eame p\u00e9riode, un nouveau b\u00e2timent en ossature bois sera construit pour accueillir une salle de motricit\u00e9 de 65m2. Utilis\u00e9e par l&rsquo;\u00e9cole et le p\u00e9riscolaire, elle pourra \u00e9galement \u00eatre mise \u00e0 disposition des associations du village, notamment pour la gymnastiques volontaire. Nous esp\u00e9rons son ouverture \u00e0 l&rsquo;automne 2027.<\/p>\n<p style=\"text-align: justify;\">A l &lsquo;\u00e9t\u00e9 2027, ce sera au tour du b\u00e2timent annexe d&rsquo;\u00eatre vid\u00e9, partiellement d\u00e9construit puis r\u00e9nov\u00e9 jusqu&rsquo;au printemps 2028. Il accueillera \u00e0 terme les activit\u00e9s p\u00e9riscolaires ainsi qu&rsquo;un future espace jeunes. Le retour du p\u00e9riscolaire dans ses nouveaux locaux est envisag\u00e9 pour la rentr\u00e9e de septembre 2028.<\/p>\n<p style=\"text-align: justify;\">Enfin \u00e0 partir de l&rsquo;\u00e9t\u00e9 2028, nous engagerons la renaturation de la cour de l&rsquo;\u00e9cole \u00e9l\u00e9mentaire. Dans la continuit\u00e9 du projet r\u00e9alis\u00e9 \u00e0 l&rsquo;\u00e9cole maternelle en 2024-2025 , les travaux les plus importants seront r\u00e9alis\u00e9s durant l&rsquo;\u00e9t\u00e9 puis compl\u00e9t\u00e9s au fil des petites vacances scolaires par des am\u00e9nagements paysagers et des plantations.<\/p>\n<p style=\"text-align: justify;\">Une longue mais belle aventure commence.<\/p>\n<p style=\"text-align: justify;\">Des r\u00e9unions de chantier se tiendront chaque semaine afin d&rsquo;assurer le bon d\u00e9roulement des op\u00e9rations. Le suivi sera assur\u00e9 par Mme le Maire, avec l&rsquo;appui de Frank Ferrand pour les services techniques, afin de maintenir un dialogue constant avec les architectes et les entreprises.<\/p>\n<p style=\"text-align: justify;\"><strong>Merci \u00e0 toutes et \u00e0 tous pour votre compr\u00e9hension et votre soutient dans la r\u00e9alisation de ce projet majeur pour notre commune et pour nos \u00e9coliers.\u00a0<\/strong><\/p>\n<p style=\"text-align: justify;\"><img decoding=\"async\" class=\"alignnone size-full wp-image-13731\" src=\"https:\/\/www.mairie-volonne.fr\/wp-content\/uploads\/2025\/03\/logo-region.jpg\" alt=\"\" width=\"500\" height=\"289\" srcset=\"https:\/\/www.mairie-volonne.fr\/wp-content\/uploads\/2025\/03\/logo-region-200x116.jpg 200w, https:\/\/www.mairie-volonne.fr\/wp-content\/uploads\/2025\/03\/logo-region-300x173.jpg 300w, https:\/\/www.mairie-volonne.fr\/wp-content\/uploads\/2025\/03\/logo-region-400x231.jpg 400w, https:\/\/www.mairie-volonne.fr\/wp-content\/uploads\/2025\/03\/logo-region.jpg 500w\" sizes=\"(max-width: 500px) 100vw, 500px\" \/><\/p>\n<p style=\"text-align: justify;\">\n","protected":false},"excerpt":{"rendered":"<p>Notre \u00e9cole est v\u00e9tuste et \u00e9nergivore. Il est n\u00e9cessaire d&rsquo;entreprendre des travaux de r\u00e9novation sur ce b\u00e2timent qui date des ann\u00e9es 1800. Volet n\u00b01&#8211; B\u00e2timent Principal- R\u00e9novation et extension de l&rsquo;\u00e9cole \u00e9l\u00e9mentaire 5classes\u00a0 Une salle des enseignants relocalis\u00e9e Une nouvelle grande salle \u00ab\u00a0Agora-Sport\u00a0\u00bb, avec pr\u00e9au Volet n\u00b02&#8211; B\u00e2timent annexe- R\u00e9novation en p\u00f4le p\u00e9riscolaire et associatif [&#8230;]<\/p>\n","protected":false},"author":9,"featured_media":0,"parent":0,"menu_order":0,"comment_status":"closed","ping_status":"closed","template":"100-width.php","meta":{"_EventAllDay":false,"_EventTimezone":"","_EventStartDate":"","_EventEndDate":"","_EventStartDateUTC":"","_EventEndDateUTC":"","_EventShowMap":false,"_EventShowMapLink":false,"_EventURL":"","_EventCost":"","_EventCostDescription":"","_EventCurrencySymbol":"","_EventCurrencyCode":"","_EventCurrencyPosition":"","_EventDateTimeSeparator":"","_EventTimeRangeSeparator":"","_EventOrganizerID":[],"_EventVenueID":[],"_OrganizerEmail":"","_OrganizerPhone":"","_OrganizerWebsite":"","_VenueAddress":"","_VenueCity":"","_VenueCountry":"","_VenueProvince":"","_VenueState":"","_VenueZip":"","_VenuePhone":"","_VenueURL":"","_VenueStateProvince":"","_VenueLat":"","_VenueLng":"","_VenueShowMap":false,"_VenueShowMapLink":false,"footnotes":""},"class_list":["post-13272","page","type-page","status-publish","hentry"],"jetpack_shortlink":"https:\/\/wp.me\/P6fN6B-3s4","jetpack_sharing_enabled":true,"_links":{"self":[{"href":"https:\/\/www.mairie-volonne.fr\/index.php\/wp-json\/wp\/v2\/pages\/13272","targetHints":{"allow":["GET"]}}],"collection":[{"href":"https:\/\/www.mairie-volonne.fr\/index.php\/wp-json\/wp\/v2\/pages"}],"about":[{"href":"https:\/\/www.mairie-volonne.fr\/index.php\/wp-json\/wp\/v2\/types\/page"}],"author":[{"embeddable":true,"href":"https:\/\/www.mairie-volonne.fr\/index.php\/wp-json\/wp\/v2\/users\/9"}],"replies":[{"embeddable":true,"href":"https:\/\/www.mairie-volonne.fr\/index.php\/wp-json\/wp\/v2\/comments?post=13272"}],"version-history":[{"count":8,"href":"https:\/\/www.mairie-volonne.fr\/index.php\/wp-json\/wp\/v2\/pages\/13272\/revisions"}],"predecessor-version":[{"id":15124,"href":"https:\/\/www.mairie-volonne.fr\/index.php\/wp-json\/wp\/v2\/pages\/13272\/revisions\/15124"}],"wp:attachment":[{"href":"https:\/\/www.mairie-volonne.fr\/index.php\/wp-json\/wp\/v2\/media?parent=13272"}],"curies":[{"name":"wp","href":"https:\/\/api.w.org\/{rel}","templated":true}]}}