{"id":11830,"date":"2022-01-17T22:22:58","date_gmt":"2022-01-17T21:22:58","guid":{"rendered":"https:\/\/www.mairie-volonne.fr\/?page_id=11830"},"modified":"2026-01-22T13:45:57","modified_gmt":"2026-01-22T12:45:57","slug":"experimentation-participation-citoyenne","status":"publish","type":"page","link":"https:\/\/www.mairie-volonne.fr\/index.php\/experimentation-participation-citoyenne\/","title":{"rendered":"Exp\u00e9rimentation participation citoyenne"},"content":{"rendered":"<h3><strong><em>Faire village(s) ensemble\u00a0!<\/em><\/strong><\/h3>\n<h3><strong><em>La d\u00e9marche participative de Volonne et Thoard<\/em><\/strong><\/h3>\n<h3><\/h3>\n<h3>\u00ab<strong>Faire village(s) ensemble !<\/strong> \u00a0\u00bb\u00a0est une initiative port\u00e9e par les communes de Volonne et de Thoard. Son ambition :\u00a0partager ce qui fait lien entre les deux communes et leurs habitants et construire ensemble des projets participatifs.<\/h3>\n<h3>Plus qu\u2019un projet, c\u2019est une\u00a0d\u00e9marche collective, \u00e0 l\u2019\u00e9chelle des deux communes, qui mobilise habitants, agents, \u00e9lus, jeunes, professionnels et partenaires. Cette d\u00e9marche est soutenue par l\u2019Agence Nationale de la Coh\u00e9sion des Territoires (ANCT) dans le cadre du programme \u00ab\u00a0Territoires d\u2019Engagement\u00a0\u00bb.<\/h3>\n<h3><strong>\u00a0<\/strong><\/h3>\n<h3><strong>Une d\u00e9marche concr\u00e8te, pour redonner du pouvoir aux habitants <\/strong><\/h3>\n<h3>Volonne et Thoard sont des communes riches d\u2019initiatives locales et citoyennes. Elles ont fait le choix d\u2019aller encore plus loin : penser ensemble des projets participatifs de A \u00e0 Z, tout en renfor\u00e7ant la coop\u00e9ration entre les 2 communes.<\/h3>\n<h3>Ainsi, des groupes projets constitu\u00e9s d\u2019\u00e9lus, d\u2019habitants, d\u2019agents vont se r\u00e9unir r\u00e9guli\u00e8rement pour faire avancer les projets retenus, \u00e0 travers des formations-actions, des ateliers et la transmission d\u2019outils vari\u00e9s.<\/h3>\n<h3>Pour Volonne, 2 projets f\u00e9d\u00e9rateurs ont \u00e9t\u00e9 retenus\u00a0:<\/h3>\n<ul>\n<li>\n<h3>La cr\u00e9ation d\u2019un<strong> Tiers-lieu \/ Espace <\/strong>avec et pour les jeunes,<\/h3>\n<\/li>\n<li>\n<h3>La mise en place de<strong> Comit\u00e9s de quartier\/ Budgets participatifs<\/strong><\/h3>\n<\/li>\n<\/ul>\n<h3>Un\u00a0comit\u00e9 de pilotage\u00a0r\u00e9unit r\u00e9guli\u00e8rement les \u00e9lus, agents, repr\u00e9sentants de l\u2019\u00c9tat et de l\u2019ANCT pour assurer un suivi collectif.<\/h3>\n<h3><\/h3>\n<h3><strong>Une d\u00e9marche participative au long court <\/strong><\/h3>\n<h3>Accompagn\u00e9e par l\u2019agence\u00a0Blossom Territoires et le collectif Passages, la d\u00e9marche se d\u00e9cline en plusieurs \u00e9tapes et rencontres jusqu&rsquo;en octobre 2026 :<\/h3>\n<p>&nbsp;<\/p>\n<p>&nbsp;<\/p>\n<p><strong>\u00a0<\/strong><\/p>\n<h3><strong>Une d\u00e9marche, sensible, inclusive et \u00e0 forte valeur humaine<\/strong><\/h3>\n<h3>La force du projet tient \u00e0 sa volont\u00e9 de\u00a0donner la parole \u00e0 toutes les voix\u00a0:<\/h3>\n<ul>\n<li>\n<h3>Habitants,<\/h3>\n<\/li>\n<li>\n<h3>Jeunes,<\/h3>\n<\/li>\n<li>\n<h3>Enfants,<\/h3>\n<\/li>\n<li>\n<h3>Professionnels de la jeunesse,<\/h3>\n<\/li>\n<li>\n<h3>Associations<\/h3>\n<\/li>\n<\/ul>\n<h3>Si vous souhaitez rejoindre l\u2019aventure, n\u2019h\u00e9sitez pas \u00e0 nous contacter\u00a0: <a href=\"mailto:jessica.lavaur@mairie-volonne.eu\">jessica.lavaur@mairie-volonne.eu<\/a><\/h3>\n<p>&nbsp;<\/p>\n<p>&nbsp;<\/p>\n<p>&nbsp;<\/p>\n<p>&nbsp;<\/p>\n<p><em>La commune de Volonne en coop\u00e9ration avec Provence Alpes Agglom\u00e9ration et la Communaut\u00e9 de Communes <\/em><\/p>\n<p><em>du Sisteronais-Bu\u00ebch, a pu b\u00e9n\u00e9ficier d\u2019un financement LEADER pour r\u00e9aliser un diagnostic des actions de participation citoyenne du territoire.<\/em><\/p>\n<p><em>Ce projet permettra d\u2019am\u00e9liorer la participation citoyenne sur les d\u00e9cisions politiques locales.<\/em><\/p>\n<p>Projet Exp\u00e9rimentation Citoyenne 2021<iframe style=\"width: 100%; height: 500px;\" src=\"http:\/\/docs.google.com\/gview?url=https:\/\/www.mairie-volonne.fr\/wp-content\/uploads\/2022\/11\/Projet_experimentation_citoyenne_2021.pdf&amp;embedded=true\" frameborder=\"0\"><\/iframe><a href=\"https:\/\/www.mairie-volonne.fr\/wp-content\/uploads\/2022\/11\/Projet_experimentation_citoyenne_2021.pdf\">Projet_experimentation_citoyenne_2021<\/a><\/p>\n<p class=\"Default\"><strong>\u00ab\u00a0Pour plus d\u2019informations sur les financements LEADER\u00a0:<\/strong><\/p>\n<h3 class=\"Default\"><strong><span style=\"color: #008000;\"><a style=\"color: #008000;\" href=\"https:\/\/europe.maregionsud.fr\/je-suis-beneficiaire\/charte-graphique\/documents-de-communication\/leader\/\" target=\"_blank\" rel=\"noopener\">https:\/\/europe.maregionsud.fr\/je-suis-beneficiaire\/charte-graphique\/documents-de-communication\/leader\/<\/a><\/span><\/strong>)\u00a0\u00bb<\/h3>\n<p><img decoding=\"async\" class=\"size-full wp-image-11824 alignleft\" src=\"https:\/\/www.mairie-volonne.fr\/wp-content\/uploads\/2021\/01\/Financement-leader-Structuration-dun-projet.jpg\" alt=\"\" width=\"907\" height=\"644\" srcset=\"https:\/\/www.mairie-volonne.fr\/wp-content\/uploads\/2021\/01\/Financement-leader-Structuration-dun-projet-200x142.jpg 200w, https:\/\/www.mairie-volonne.fr\/wp-content\/uploads\/2021\/01\/Financement-leader-Structuration-dun-projet-300x214.jpg 300w, https:\/\/www.mairie-volonne.fr\/wp-content\/uploads\/2021\/01\/Financement-leader-Structuration-dun-projet-400x284.jpg 400w, https:\/\/www.mairie-volonne.fr\/wp-content\/uploads\/2021\/01\/Financement-leader-Structuration-dun-projet-600x426.jpg 600w, https:\/\/www.mairie-volonne.fr\/wp-content\/uploads\/2021\/01\/Financement-leader-Structuration-dun-projet-768x545.jpg 768w, https:\/\/www.mairie-volonne.fr\/wp-content\/uploads\/2021\/01\/Financement-leader-Structuration-dun-projet-800x568.jpg 800w, https:\/\/www.mairie-volonne.fr\/wp-content\/uploads\/2021\/01\/Financement-leader-Structuration-dun-projet.jpg 907w\" sizes=\"(max-width: 907px) 100vw, 907px\" \/><img decoding=\"async\" class=\"alignnone size-full wp-image-14570\" src=\"https:\/\/www.mairie-volonne.fr\/wp-content\/uploads\/2026\/01\/Une-initiative-des-communes-de-Volonne-et-de-Thoard-35_page-0001.jpg\" alt=\"\" width=\"874\" height=\"1241\" srcset=\"https:\/\/www.mairie-volonne.fr\/wp-content\/uploads\/2026\/01\/Une-initiative-des-communes-de-Volonne-et-de-Thoard-35_page-0001-200x284.jpg 200w, https:\/\/www.mairie-volonne.fr\/wp-content\/uploads\/2026\/01\/Une-initiative-des-communes-de-Volonne-et-de-Thoard-35_page-0001-211x300.jpg 211w, https:\/\/www.mairie-volonne.fr\/wp-content\/uploads\/2026\/01\/Une-initiative-des-communes-de-Volonne-et-de-Thoard-35_page-0001-400x568.jpg 400w, https:\/\/www.mairie-volonne.fr\/wp-content\/uploads\/2026\/01\/Une-initiative-des-communes-de-Volonne-et-de-Thoard-35_page-0001-600x852.jpg 600w, https:\/\/www.mairie-volonne.fr\/wp-content\/uploads\/2026\/01\/Une-initiative-des-communes-de-Volonne-et-de-Thoard-35_page-0001-721x1024.jpg 721w, https:\/\/www.mairie-volonne.fr\/wp-content\/uploads\/2026\/01\/Une-initiative-des-communes-de-Volonne-et-de-Thoard-35_page-0001-768x1090.jpg 768w, https:\/\/www.mairie-volonne.fr\/wp-content\/uploads\/2026\/01\/Une-initiative-des-communes-de-Volonne-et-de-Thoard-35_page-0001-800x1136.jpg 800w, https:\/\/www.mairie-volonne.fr\/wp-content\/uploads\/2026\/01\/Une-initiative-des-communes-de-Volonne-et-de-Thoard-35_page-0001.jpg 874w\" sizes=\"(max-width: 874px) 100vw, 874px\" \/><\/p>\n<p><img decoding=\"async\" class=\"alignnone size-full wp-image-14571\" src=\"https:\/\/www.mairie-volonne.fr\/wp-content\/uploads\/2026\/01\/Une-initiative-des-communes-de-Volonne-et-de-Thoard-35_page-0002.jpg\" alt=\"\" width=\"874\" height=\"1241\" srcset=\"https:\/\/www.mairie-volonne.fr\/wp-content\/uploads\/2026\/01\/Une-initiative-des-communes-de-Volonne-et-de-Thoard-35_page-0002-200x284.jpg 200w, https:\/\/www.mairie-volonne.fr\/wp-content\/uploads\/2026\/01\/Une-initiative-des-communes-de-Volonne-et-de-Thoard-35_page-0002-211x300.jpg 211w, https:\/\/www.mairie-volonne.fr\/wp-content\/uploads\/2026\/01\/Une-initiative-des-communes-de-Volonne-et-de-Thoard-35_page-0002-400x568.jpg 400w, https:\/\/www.mairie-volonne.fr\/wp-content\/uploads\/2026\/01\/Une-initiative-des-communes-de-Volonne-et-de-Thoard-35_page-0002-600x852.jpg 600w, https:\/\/www.mairie-volonne.fr\/wp-content\/uploads\/2026\/01\/Une-initiative-des-communes-de-Volonne-et-de-Thoard-35_page-0002-721x1024.jpg 721w, https:\/\/www.mairie-volonne.fr\/wp-content\/uploads\/2026\/01\/Une-initiative-des-communes-de-Volonne-et-de-Thoard-35_page-0002-768x1090.jpg 768w, https:\/\/www.mairie-volonne.fr\/wp-content\/uploads\/2026\/01\/Une-initiative-des-communes-de-Volonne-et-de-Thoard-35_page-0002-800x1136.jpg 800w, https:\/\/www.mairie-volonne.fr\/wp-content\/uploads\/2026\/01\/Une-initiative-des-communes-de-Volonne-et-de-Thoard-35_page-0002.jpg 874w\" sizes=\"(max-width: 874px) 100vw, 874px\" \/><\/p>\n","protected":false},"excerpt":{"rendered":"<p>Faire village(s) ensemble\u00a0! La d\u00e9marche participative de Volonne et Thoard \u00abFaire village(s) ensemble ! \u00a0\u00bb\u00a0est une initiative port\u00e9e par les communes de Volonne et de Thoard. Son ambition :\u00a0partager ce qui fait lien entre les deux communes et leurs habitants et construire ensemble des projets participatifs. Plus qu\u2019un projet, c\u2019est une\u00a0d\u00e9marche collective, \u00e0 l\u2019\u00e9chelle des [&#8230;]<\/p>\n","protected":false},"author":7,"featured_media":0,"parent":0,"menu_order":0,"comment_status":"closed","ping_status":"closed","template":"","meta":{"_EventAllDay":false,"_EventTimezone":"","_EventStartDate":"","_EventEndDate":"","_EventStartDateUTC":"","_EventEndDateUTC":"","_EventShowMap":false,"_EventShowMapLink":false,"_EventURL":"","_EventCost":"","_EventCostDescription":"","_EventCurrencySymbol":"","_EventCurrencyCode":"","_EventCurrencyPosition":"","_EventDateTimeSeparator":"","_EventTimeRangeSeparator":"","_EventOrganizerID":[],"_EventVenueID":[],"_OrganizerEmail":"","_OrganizerPhone":"","_OrganizerWebsite":"","_VenueAddress":"","_VenueCity":"","_VenueCountry":"","_VenueProvince":"","_VenueState":"","_VenueZip":"","_VenuePhone":"","_VenueURL":"","_VenueStateProvince":"","_VenueLat":"","_VenueLng":"","_VenueShowMap":false,"_VenueShowMapLink":false,"jetpack_post_was_ever_published":false,"footnotes":""},"class_list":["post-11830","page","type-page","status-publish","hentry"],"jetpack_shortlink":"https:\/\/wp.me\/P6fN6B-34O","jetpack_sharing_enabled":true,"_links":{"self":[{"href":"https:\/\/www.mairie-volonne.fr\/index.php\/wp-json\/wp\/v2\/pages\/11830","targetHints":{"allow":["GET"]}}],"collection":[{"href":"https:\/\/www.mairie-volonne.fr\/index.php\/wp-json\/wp\/v2\/pages"}],"about":[{"href":"https:\/\/www.mairie-volonne.fr\/index.php\/wp-json\/wp\/v2\/types\/page"}],"author":[{"embeddable":true,"href":"https:\/\/www.mairie-volonne.fr\/index.php\/wp-json\/wp\/v2\/users\/7"}],"replies":[{"embeddable":true,"href":"https:\/\/www.mairie-volonne.fr\/index.php\/wp-json\/wp\/v2\/comments?post=11830"}],"version-history":[{"count":9,"href":"https:\/\/www.mairie-volonne.fr\/index.php\/wp-json\/wp\/v2\/pages\/11830\/revisions"}],"predecessor-version":[{"id":14572,"href":"https:\/\/www.mairie-volonne.fr\/index.php\/wp-json\/wp\/v2\/pages\/11830\/revisions\/14572"}],"wp:attachment":[{"href":"https:\/\/www.mairie-volonne.fr\/index.php\/wp-json\/wp\/v2\/media?parent=11830"}],"curies":[{"name":"wp","href":"https:\/\/api.w.org\/{rel}","templated":true}]}}