{"version":"1.0","provider_name":"Mairie de Volonne","provider_url":"https:\/\/www.mairie-volonne.fr","author_name":"Aline Ferrand","author_url":"https:\/\/www.mairie-volonne.fr\/index.php\/author\/aline\/","title":"Cr\u00e9ation de la mare p\u00e9dagogique - Espace Durance - Mairie de Volonne","type":"rich","width":600,"height":338,"html":"<blockquote class=\"wp-embedded-content\" data-secret=\"zJKKYAInmZ\"><a href=\"https:\/\/www.mairie-volonne.fr\/index.php\/2025\/10\/15\/creation-de-la-mare-pedagogique-espace-durance\/\">Cr\u00e9ation de la mare p\u00e9dagogique &#8211; Espace Durance<\/a><\/blockquote><iframe sandbox=\"allow-scripts\" security=\"restricted\" src=\"https:\/\/www.mairie-volonne.fr\/index.php\/2025\/10\/15\/creation-de-la-mare-pedagogique-espace-durance\/embed\/#?secret=zJKKYAInmZ\" width=\"600\" height=\"338\" title=\"\u00ab\u00a0Cr\u00e9ation de la mare p\u00e9dagogique &#8211; Espace Durance\u00a0\u00bb &#8212; Mairie de Volonne\" data-secret=\"zJKKYAInmZ\" frameborder=\"0\" marginwidth=\"0\" marginheight=\"0\" scrolling=\"no\" class=\"wp-embedded-content\"><\/iframe><script type=\"text\/javascript\">\n\/* <![CDATA[ *\/\n\/*! This file is auto-generated *\/\n!function(d,l){\"use strict\";l.querySelector&&d.addEventListener&&\"undefined\"!=typeof URL&&(d.wp=d.wp||{},d.wp.receiveEmbedMessage||(d.wp.receiveEmbedMessage=function(e){var t=e.data;if((t||t.secret||t.message||t.value)&&!\/[^a-zA-Z0-9]\/.test(t.secret)){for(var s,r,n,a=l.querySelectorAll('iframe[data-secret=\"'+t.secret+'\"]'),o=l.querySelectorAll('blockquote[data-secret=\"'+t.secret+'\"]'),c=new RegExp(\"^https?:$\",\"i\"),i=0;i<o.length;i++)o[i].style.display=\"none\";for(i=0;i<a.length;i++)s=a[i],e.source===s.contentWindow&&(s.removeAttribute(\"style\"),\"height\"===t.message?(1e3<(r=parseInt(t.value,10))?r=1e3:~~r<200&&(r=200),s.height=r):\"link\"===t.message&&(r=new URL(s.getAttribute(\"src\")),n=new URL(t.value),c.test(n.protocol))&&n.host===r.host&&l.activeElement===s&&(d.top.location.href=t.value))}},d.addEventListener(\"message\",d.wp.receiveEmbedMessage,!1),l.addEventListener(\"DOMContentLoaded\",function(){for(var e,t,s=l.querySelectorAll(\"iframe.wp-embedded-content\"),r=0;r<s.length;r++)(t=(e=s[r]).getAttribute(\"data-secret\"))||(t=Math.random().toString(36).substring(2,12),e.src+=\"#?secret=\"+t,e.setAttribute(\"data-secret\",t)),e.contentWindow.postMessage({message:\"ready\",secret:t},\"*\")},!1)))}(window,document);\n\/\/# sourceURL=https:\/\/www.mairie-volonne.fr\/wp-includes\/js\/wp-embed.min.js\n\/* ]]> *\/\n<\/script>\n","thumbnail_url":"https:\/\/www.mairie-volonne.fr\/wp-content\/uploads\/2025\/10\/Capture-decran-2025-10-15-074142-1.png","thumbnail_width":800,"thumbnail_height":457,"description":"Marathon de la Biodiversit\u00e9 men\u00e9 par PAA \u2013 Cr\u00e9ation de la mare p\u00e9dagogique Dans le cadre du projet de r\u00e9am\u00e9nagement de l\u2019Espace Durance, nous vous informons que l\u2019entreprise Minetto interviendra le lundi 20 octobre pour proc\u00e9der au creusement de la mare p\u00e9dagogique d\u2019une superficie de 150 m\u00b2, situ\u00e9e dans la roseli\u00e8re \u00e0 l\u2019entr\u00e9e du site. [...]"}